{"id":5526,"date":"2023-07-03T16:09:39","date_gmt":"2023-07-03T19:09:39","guid":{"rendered":"https:\/\/transparencia.epagri.sc.gov.br\/?page_id=5526"},"modified":"2026-04-17T16:45:28","modified_gmt":"2026-04-17T19:45:28","slug":"colaboradores","status":"publish","type":"page","link":"https:\/\/transparencia.epagri.sc.gov.br\/?page_id=5526","title":{"rendered":"Capital Humano e Relat\u00f3rios de Transpar\u00eancia Salarial"},"content":{"rendered":"<h6 style=\"text-align: right;\"><a href=\"https:\/\/transparencia.epagri.sc.gov.br\/\">In\u00edcio<\/a> \/ Despesa \/ Empregados P\u00fablicos \/ Capital Humano e Relat\u00f3rios de Transpar\u00eancia Salarial<\/h6>\n<p>Divulga informa\u00e7\u00f5es em gr\u00e1ficos sobre o <strong>capital humano<\/strong> da Epagri, sobre o <strong>cumprimento da cota legal de 5%<\/strong> (cinco por cento) de benefici\u00e1rios reabilitados da Previd\u00eancia Social ou pessoas com defici\u00eancia (PcDs) (art. 93 da <a href=\"https:\/\/www.planalto.gov.br\/ccivil_03\/leis\/l8213cons.htm\">Lei federal n\u00ba 8.213, de 1991<\/a>) e sobre os <strong>relat\u00f3rios de transpar\u00eancia salarial e de crit\u00e9rios remunerat\u00f3rios<\/strong> previstos na <a href=\"https:\/\/www.planalto.gov.br\/ccivil_03\/_ato2023-2026\/2023\/lei\/l14611.htm\">Lei federal n\u00ba 14.611, de 2023<\/a> (Lei de Igualdade Salarial).<\/p>\n<p>A Epagri conta com uma <strong>Pol\u00edtica de Equidade<\/strong> (tamb\u00e9m chamada de Pol\u00edtica de Igualdade entre Homens e Mulheres), em cumprimento \u00e0\u00a0 <a href=\"https:\/\/www.planalto.gov.br\/ccivil_03\/_ato2023-2026\/2023\/lei\/l14611.htm\">Lei federal n\u00ba 14.611, de 2023<\/a> (Lei de Igualdade Salarial) e \u00e0 <a href=\"https:\/\/www.planalto.gov.br\/ccivil_03\/_ato2023-2026\/2025\/lei\/l15177.htm\">Lei federal n\u00ba 15.177, de 2025<\/a> (que obriga as empresas estatais a contarem com mulheres em seus conselhos de administra\u00e7\u00e3o). Acesse essa Pol\u00edtica acessando o menu <a href=\"https:\/\/transparencia.epagri.sc.gov.br\/?page_id=7962\"><strong>Gest\u00e3o \/ Pol\u00edticas \/ Pol\u00edtica de Equidade<\/strong><\/a>.<\/p>\n<div><\/div>\n<div class=\"container width=100%\"><iframe style=\"width: 80vw; height: 80vh;\" src=\"\/\/app.powerbi.com\/view?r=eyJrIjoiMWRkNWUxOWItYmIyZi00Yzc1LWE2NDMtMGNlMTBjNjI4MTQ0IiwidCI6ImZlMjQ5MGEzLTQyYWUtNDFkNy1iMmZiLTUwN2Y4NTRkMDdjZiJ9\" width=\"100%\" frameborder=\"0\" allowfullscreen=\"allowfullscreen\"><span data-mce-type=\"bookmark\" style=\"display: inline-block; width: 0px; overflow: hidden; line-height: 0;\" class=\"mce_SELRES_start\">\ufeff<\/span><span data-mce-type=\"bookmark\" style=\"display: inline-block; width: 0px; overflow: hidden; line-height: 0;\" class=\"mce_SELRES_start\">\ufeff<\/span><span data-mce-type=\"bookmark\" style=\"display: inline-block; width: 0px; overflow: hidden; line-height: 0;\" class=\"mce_SELRES_start\">\ufeff<\/span><span data-mce-type=\"bookmark\" style=\"display: inline-block; width: 0px; overflow: hidden; line-height: 0;\" class=\"mce_SELRES_start\">\ufeff<\/span><span data-mce-type=\"bookmark\" style=\"display: inline-block; width: 0px; overflow: hidden; line-height: 0;\" class=\"mce_SELRES_start\">\ufeff<\/span><\/iframe><\/div>\n<div><\/div>\n","protected":false},"excerpt":{"rendered":"<p>In\u00edcio \/ Despesa \/ Empregados P\u00fablicos \/ Capital Humano e Relat\u00f3rios de Transpar\u00eancia Salarial Divulga informa\u00e7\u00f5es em gr\u00e1ficos sobre o capital humano da Epagri, sobre o cumprimento da cota legal de 5% (cinco por cento) de benefici\u00e1rios reabilitados da Previd\u00eancia Social ou pessoas com defici\u00eancia (PcDs) (art. 93 da Lei federal n\u00ba 8.213, de 1991) &#8230; <a title=\"Capital Humano e Relat\u00f3rios de Transpar\u00eancia Salarial\" class=\"read-more\" href=\"https:\/\/transparencia.epagri.sc.gov.br\/?page_id=5526\" aria-label=\"More on Capital Humano e Relat\u00f3rios de Transpar\u00eancia Salarial\">Ler mais<\/a><\/p>\n","protected":false},"author":1,"featured_media":0,"parent":839,"menu_order":0,"comment_status":"closed","ping_status":"closed","template":"","meta":{"_acf_changed":false,"footnotes":""},"class_list":["post-5526","page","type-page","status-publish"],"acf":[],"_links":{"self":[{"href":"https:\/\/transparencia.epagri.sc.gov.br\/index.php?rest_route=\/wp\/v2\/pages\/5526","targetHints":{"allow":["GET"]}}],"collection":[{"href":"https:\/\/transparencia.epagri.sc.gov.br\/index.php?rest_route=\/wp\/v2\/pages"}],"about":[{"href":"https:\/\/transparencia.epagri.sc.gov.br\/index.php?rest_route=\/wp\/v2\/types\/page"}],"author":[{"embeddable":true,"href":"https:\/\/transparencia.epagri.sc.gov.br\/index.php?rest_route=\/wp\/v2\/users\/1"}],"replies":[{"embeddable":true,"href":"https:\/\/transparencia.epagri.sc.gov.br\/index.php?rest_route=%2Fwp%2Fv2%2Fcomments&post=5526"}],"version-history":[{"count":39,"href":"https:\/\/transparencia.epagri.sc.gov.br\/index.php?rest_route=\/wp\/v2\/pages\/5526\/revisions"}],"predecessor-version":[{"id":8020,"href":"https:\/\/transparencia.epagri.sc.gov.br\/index.php?rest_route=\/wp\/v2\/pages\/5526\/revisions\/8020"}],"up":[{"embeddable":true,"href":"https:\/\/transparencia.epagri.sc.gov.br\/index.php?rest_route=\/wp\/v2\/pages\/839"}],"wp:attachment":[{"href":"https:\/\/transparencia.epagri.sc.gov.br\/index.php?rest_route=%2Fwp%2Fv2%2Fmedia&parent=5526"}],"curies":[{"name":"wp","href":"https:\/\/api.w.org\/{rel}","templated":true}]}}